{"id":31243,"date":"2026-03-10T10:46:53","date_gmt":"2026-03-10T07:46:53","guid":{"rendered":"https:\/\/www.propertiesturkey.com\/property\/contemporary-villa-with-guest-suite-private-pool-in-ovacik-exclusive-living-minutes-from-oludeniz\/"},"modified":"2026-04-28T15:20:13","modified_gmt":"2026-04-28T12:20:13","slug":"contemporary-villa-with-guest-suite-private-pool-in-ovacik-exclusive-living-minutes-from-oludeniz","status":"publish","type":"property","link":"https:\/\/www.propertiesturkey.com\/tr\/property\/contemporary-villa-with-guest-suite-private-pool-in-ovacik-exclusive-living-minutes-from-oludeniz\/","title":{"rendered":"Ovac\u0131k\u2019ta Modern Tasar\u0131ml\u0131 \u00d6zel Havuzlu Villa \u2013 \u00d6l\u00fcdeniz\u2019e Dakikalar Mesafede Misafir Evli L\u00fcks Ya\u015fam"},"content":{"rendered":"<p><strong>Bu villa T\u00fcrk vatanda\u015fl\u0131\u011f\u0131 i\u00e7in uygundur.<\/strong><\/p>\n<p>Fethiye\u2019nin do\u011fayla i\u00e7 i\u00e7e ve en prestijli b\u00f6lgelerinden biri olan Ovac\u0131k\u2019ta, d\u00fcnyaca \u00fcnl\u00fc \u00d6l\u00fcdeniz Plaj\u0131\u2019na yaln\u0131zca 3\u20134 km mesafede konumlanan bu \u00f6zel m\u00fcstakil villa, modern mimari ve Akdeniz ya\u015fam tarz\u0131n\u0131 bir araya getiriyor.<\/p>\n<p>Toplam 546 m\u00b2 b\u00fcy\u00fckl\u00fc\u011f\u00fcnde \u00f6zel bir arsa i\u00e7erisinde yer alan villa yakla\u015f\u0131k 160 m\u00b2 kapal\u0131 kullan\u0131m alan\u0131na sahiptir ve iki katl\u0131 olarak planlanm\u0131\u015ft\u0131r. \u00d6zellikle giri\u015f kat\u0131 bir mimar taraf\u0131ndan tamamen yeniden tasarlanarak modern ve fonksiyonel bir ya\u015fam alan\u0131na d\u00f6n\u00fc\u015ft\u00fcr\u00fclm\u00fc\u015ft\u00fcr.<\/p>\n<p>Hem kal\u0131c\u0131 ya\u015fam, hem tatil evi, hem de y\u00fcksek kira potansiyeli olan bir yat\u0131r\u0131m i\u00e7in ideal bir gayrimenkuld\u00fcr.<\/p>\n<p><strong>\u0130\u00e7 Mekan Plan\u0131<\/strong><\/p>\n<p><strong>Giri\u015f Kat\u0131<\/strong><\/p>\n<p>Villaya giri\u015fte g\u00f6mme dolaplarla tasarlanm\u0131\u015f d\u00fczenli bir hol alan\u0131 bulunur. Ayn\u0131 katta yer alan home office odas\u0131, evden \u00e7al\u0131\u015fanlar i\u00e7in olduk\u00e7a kullan\u0131\u015fl\u0131d\u0131r.<\/p>\n<p>Geni\u015f ve ayd\u0131nl\u0131k a\u00e7\u0131k plan salon, \u015f\u00f6mine detay\u0131, yemek alan\u0131 ve modern mutfak ile birle\u015ferek ferah bir ya\u015fam alan\u0131 olu\u015fturur. B\u00fcy\u00fck s\u00fcrg\u00fcl\u00fc kap\u0131lar sayesinde bu alan do\u011frudan bah\u00e7e ve \u00f6zel y\u00fczme havuzu teras\u0131na a\u00e7\u0131lmaktad\u0131r.<\/p>\n<p>Bu katta ayr\u0131ca:<\/p>\n<ul>\n<li>Misafir WC<\/li>\n<li>Arka balkona ge\u00e7i\u015f<\/li>\n<li>Yeni depolama dolaplar\u0131<\/li>\n<\/ul>\n<p>bulunmaktad\u0131r.<\/p>\n<p><strong>\u00dcst Kat<\/strong><\/p>\n<p>\u00dcst katta 3 geni\u015f \u00e7ift ki\u015filik yatak odas\u0131 yer almaktad\u0131r.<\/p>\n<ul>\n<li>Bir yatak odas\u0131nda yan balkon ve radyat\u00f6r bulunmaktad\u0131r.<\/li>\n<li>\u00d6n cephedeki iki yatak odas\u0131 geni\u015f terasa a\u00e7\u0131lmaktad\u0131r.<\/li>\n<li>Ana yatak odas\u0131nda \u00f6zel ebeveyn banyosu mevcuttur.<\/li>\n<li>Ayr\u0131ca aile banyosu bulunmaktad\u0131r.<\/li>\n<\/ul>\n<p>T\u00fcm odalarda klima sistemi yer almaktad\u0131r.<\/p>\n<p><strong>Bah\u00e7e ve D\u0131\u015f Alanlar<\/strong><\/p>\n<p>Akdeniz ya\u015fam\u0131n\u0131 keyifle ya\u015fayabilece\u011finiz d\u0131\u015f alanlar olduk\u00e7a zengindir.<\/p>\n<p>Bah\u00e7ede:<\/p>\n<ul>\n<li>\u00d6zel y\u00fczme havuzu ve geni\u015f g\u00fcne\u015flenme teras\u0131<\/li>\n<li>Elektrikli a\u00e7\u0131l\u0131r kapan\u0131r \u00e7at\u0131ya sahip pergola<\/li>\n<li>Bah\u00e7e deposu<\/li>\n<li>Bah\u00e7e ve havuz i\u00e7in \u00f6zel su kuyusu<\/li>\n<li>\u0130\u00e7me suyu i\u00e7in ek su deposu<\/li>\n<\/ul>\n<p>bulunmaktad\u0131r.<\/p>\n<p>Ayr\u0131ca bah\u00e7e i\u00e7erisinde yer alan ba\u011f\u0131ms\u0131z misafir evi, yakla\u015f\u0131k 3 ki\u015filik konaklama kapasitesine sahiptir ve i\u00e7inde k\u00fc\u00e7\u00fck bir mutfak ile banyo bulunmaktad\u0131r.<\/p>\n<p><strong>\u00d6ne \u00c7\u0131kan \u00d6zellikler<\/strong><\/p>\n<ul>\n<li>Mimar taraf\u0131ndan yenilenmi\u015f modern i\u00e7 mekan<\/li>\n<li>Yeni PVC \u00e7ift cam pencereler<\/li>\n<li>Yeni modern mutfak dolaplar\u0131<\/li>\n<li>Yeni misafir WC<\/li>\n<li>Elektrikli panjur sistemi<\/li>\n<li>S\u00fcrg\u00fcl\u00fc balkon kap\u0131lar\u0131<\/li>\n<li>Laminant zemin kaplama<\/li>\n<li>Alt katta yerden \u0131s\u0131tma sistemi<\/li>\n<li>T\u00fcm odalarda klima<\/li>\n<li>Gizlenmi\u015f klima d\u0131\u015f \u00fcniteleri<\/li>\n<li>Aydem\u2019e elektrik sat\u0131\u015f\u0131 yap\u0131lan g\u00fcne\u015f enerjisi sistemi<\/li>\n<\/ul>\n<p>Do\u011fan\u0131n huzuru ile modern konforu bir araya getiren bu villa, Fethiye \u2013 \u00d6l\u00fcdeniz b\u00f6lgesinde ayr\u0131cal\u0131kl\u0131 bir ya\u015fam ve g\u00fc\u00e7l\u00fc bir yat\u0131r\u0131m f\u0131rsat\u0131 sunmaktad\u0131r.<\/p>\n","protected":false},"excerpt":{"rendered":"<p>Bu villa T\u00fcrk vatanda\u015fl\u0131\u011f\u0131 i\u00e7in uygundur. Fethiye\u2019nin do\u011fayla i\u00e7 i\u00e7e ve en prestijli b\u00f6lgelerinden biri olan Ovac\u0131k\u2019ta, d\u00fcnyaca \u00fcnl\u00fc \u00d6l\u00fcdeniz Plaj\u0131\u2019na yaln\u0131zca 3\u20134 km mesafede konumlanan bu \u00f6zel m\u00fcstakil villa, modern mimari ve Akdeniz ya\u015fam tarz\u0131n\u0131 bir araya getiriyor. Toplam 546 m\u00b2 b\u00fcy\u00fckl\u00fc\u011f\u00fcnde \u00f6zel bir arsa i\u00e7erisinde yer alan villa yakla\u015f\u0131k 160 m\u00b2 kapal\u0131 kullan\u0131m [&hellip;]<\/p>\n","protected":false},"author":2,"featured_media":32461,"parent":0,"menu_order":0,"template":"","property_type":[101],"property_status":[102],"property_feature":[185,187,234,244,195,232,204,212,216,181,201,221,213,238],"property_label":[],"property_city":[114],"property_area":[246],"class_list":["post-31243","property","type-property","status-publish","has-post-thumbnail","hentry","property_type-villa-tr","property_status-satilik","property_feature-alarm-tr","property_feature-balkon","property_feature-calisma-odasi","property_feature-camasir-odasi","property_feature-cift-cam","property_feature-depo-kiler","property_feature-gomme-mutfak","property_feature-solar-panel-tr","property_feature-isitma-borulari","property_feature-klima","property_feature-somine","property_feature-sulama","property_feature-terrace-tr","property_feature-yerden-isitma","property_city-fethiye-tr","property_area-ovacik-tr"],"property_meta":{"_wpml_word_count":["480"],"fave_property_price":["425000"],"fave_show_price_placeholder":["0"],"fave_property_size":["160"],"fave_property_size_prefix":["m2"],"fave_property_land":["546"],"fave_property_land_postfix":["m2"],"fave_property_bedrooms":["3"],"fave_property_bathrooms":["2"],"fave_property_id":["PT-31101"],"fave_pool":["Private"],"fave_furniture":["None"],"fave_parking":["Private"],"fave_property_map":["1"],"fave_property_location":["36.580742524433,29.15077924601,15"],"houzez_geolocation_lat":["36.580742524433"],"houzez_geolocation_long":["29.15077924601"],"fave_property_map_street_view":["hide"],"houzez_featured_listing_date":[""],"fave_loggedintoview":["0"],"fave_agent_display_option":["author_info"],"fave_prop_homeslider":["no"],"fave_private_note":["Beril Han\u0131m \r\n0532 237 1940\r\nada 441 parsel 2 \r\nOVA2432VL"],"fave_single_content_area":["global"],"houzez_manual_expire":["0"],"_houzez_expiration_date_status":["saved"],"_wpml_media_duplicate":["1"],"_wpml_media_featured":["1"],"_thumbnail_id":["32461"],"_edit_lock":["1777457870:2"],"_edit_last":["2"],"_last_translation_edit_mode":["native-editor"],"houzez_total_property_views":["48"],"houzez_views_by_date":["a:28:{s:10:\"03-10-2026\";i:5;s:10:\"03-11-2026\";i:4;s:10:\"03-12-2026\";i:3;s:10:\"03-14-2026\";i:1;s:10:\"03-15-2026\";i:1;s:10:\"03-16-2026\";i:1;s:10:\"03-18-2026\";i:1;s:10:\"03-19-2026\";i:2;s:10:\"03-20-2026\";i:3;s:10:\"03-21-2026\";i:1;s:10:\"03-23-2026\";i:3;s:10:\"03-25-2026\";i:1;s:10:\"03-26-2026\";i:1;s:10:\"03-28-2026\";i:2;s:10:\"04-01-2026\";i:1;s:10:\"04-04-2026\";i:2;s:10:\"04-09-2026\";i:1;s:10:\"04-10-2026\";i:1;s:10:\"04-11-2026\";i:2;s:10:\"04-12-2026\";i:1;s:10:\"04-13-2026\";i:1;s:10:\"04-17-2026\";i:1;s:10:\"04-19-2026\";i:1;s:10:\"04-22-2026\";i:2;s:10:\"04-26-2026\";i:1;s:10:\"04-28-2026\";i:1;s:10:\"04-29-2026\";i:1;s:10:\"04-30-2026\";i:3;}"],"houzez_recently_viewed":["2026-04-30 06:40:13"],"fave_property_images":["32459","32462","31111","31114","32465","31120","31123","31126","31129","31132","31135","31138","31141","31144","31147","31150","31153","31159","31162","31165","31168","31171","31174","31177","31180","32468","31186","31189","31195","31198","31201","31204","31207","31210","31213","31216","31219","31222","31225","31228","31231","31234","31237"],"_wpml_media_has_media":["1"],"fave_featured":["0"],"fave_single_top_area":["global"],"_elementor_page_assets":["a:0:{}"]},"_links":{"self":[{"href":"https:\/\/www.propertiesturkey.com\/tr\/wp-json\/wp\/v2\/properties\/31243","targetHints":{"allow":["GET"]}}],"collection":[{"href":"https:\/\/www.propertiesturkey.com\/tr\/wp-json\/wp\/v2\/properties"}],"about":[{"href":"https:\/\/www.propertiesturkey.com\/tr\/wp-json\/wp\/v2\/types\/property"}],"author":[{"embeddable":true,"href":"https:\/\/www.propertiesturkey.com\/tr\/wp-json\/wp\/v2\/users\/2"}],"version-history":[{"count":2,"href":"https:\/\/www.propertiesturkey.com\/tr\/wp-json\/wp\/v2\/properties\/31243\/revisions"}],"predecessor-version":[{"id":31247,"href":"https:\/\/www.propertiesturkey.com\/tr\/wp-json\/wp\/v2\/properties\/31243\/revisions\/31247"}],"wp:featuredmedia":[{"embeddable":true,"href":"https:\/\/www.propertiesturkey.com\/tr\/wp-json\/wp\/v2\/media\/32461"}],"wp:attachment":[{"href":"https:\/\/www.propertiesturkey.com\/tr\/wp-json\/wp\/v2\/media?parent=31243"}],"wp:term":[{"taxonomy":"property_type","embeddable":true,"href":"https:\/\/www.propertiesturkey.com\/tr\/wp-json\/wp\/v2\/property_type?post=31243"},{"taxonomy":"property_status","embeddable":true,"href":"https:\/\/www.propertiesturkey.com\/tr\/wp-json\/wp\/v2\/property_status?post=31243"},{"taxonomy":"property_feature","embeddable":true,"href":"https:\/\/www.propertiesturkey.com\/tr\/wp-json\/wp\/v2\/property_feature?post=31243"},{"taxonomy":"property_label","embeddable":true,"href":"https:\/\/www.propertiesturkey.com\/tr\/wp-json\/wp\/v2\/property_label?post=31243"},{"taxonomy":"property_city","embeddable":true,"href":"https:\/\/www.propertiesturkey.com\/tr\/wp-json\/wp\/v2\/property_city?post=31243"},{"taxonomy":"property_area","embeddable":true,"href":"https:\/\/www.propertiesturkey.com\/tr\/wp-json\/wp\/v2\/property_area?post=31243"}],"curies":[{"name":"wp","href":"https:\/\/api.w.org\/{rel}","templated":true}]}}